{"id":7214,"date":"2018-08-09T14:38:02","date_gmt":"2018-08-09T18:38:02","guid":{"rendered":"https:\/\/www.present.ca\/?page_id=7214\/"},"modified":"2024-01-03T15:45:02","modified_gmt":"2024-01-03T20:45:02","slug":"etude-de-cas-migration-a-office-365","status":"publish","type":"page","link":"https:\/\/www.present.ca\/fr\/ressources\/etude-de-cas\/etude-de-cas-migration-a-office-365\/","title":{"rendered":"\u00c9tude de cas: Migration \u00e0 Office 365"},"content":{"rendered":"<p>[vc_row][vc_column]<div id=\"ultimate-heading-364069f4fb08598b5\" class=\"uvc-heading ult-adjust-bottom-margin ultimate-heading-364069f4fb08598b5 uvc-3199 \" data-hspacer=\"no_spacer\"  data-halign=\"center\" style=\"text-align:center\"><div class=\"uvc-heading-spacer no_spacer\" style=\"top\"><\/div><div class=\"uvc-main-heading ult-responsive\"  data-ultimate-target='.uvc-heading.ultimate-heading-364069f4fb08598b5 h2'  data-responsive-json-new='{\"font-size\":\"\",\"line-height\":\"\"}' ><h2 style=\"font-weight:normal;\">Industrie: Services<\/h2><\/div><div class=\"uvc-sub-heading ult-responsive\"  data-ultimate-target='.uvc-heading.ultimate-heading-364069f4fb08598b5 .uvc-sub-heading '  data-responsive-json-new='{\"font-size\":\"\",\"line-height\":\"\"}'  style=\"font-weight:normal;\"><\/p>\n<h4><strong>Client<\/strong>:\u00a0Multinationale dans le secteur de la s\u00e9curit\u00e9<\/h4>\n<p><\/div><\/div>[\/vc_column][\/vc_row][vc_row][vc_column width=\u00a0\u00bb1\/3&Prime;][vc_column_text]<strong>D\u00e9fis<\/strong>:<\/p>\n<ul>\n<li>La multinationale a r\u00e9cemment acquis une autre entreprise qui effectuait \u00e9galement des op\u00e9rations \u00e0 l\u2019\u00e9chelle mondiale, et leurs serveurs Exchange sur place \u00e9taient surcharg\u00e9s et sont devenus lents et instables.<\/li>\n<li>Comme l\u2019entreprise acquise a du personnel situ\u00e9 dans une dizaine d\u2019endroits diff\u00e9rents \u00e0 travers le monde, il existait un d\u00e9fi de logistique important.<\/li>\n<li>Il y avait n\u00e9cessit\u00e9 de migrer les donn\u00e9es rapidement, due \u00e0 l\u2019instabilit\u00e9 des serveurs Exchange, et il fallait aussi proc\u00e9der en dehors des heures d\u2019affaires, pour ne pas nuire aux op\u00e9rations de l\u2019entreprise.<\/li>\n<\/ul>\n<p>[\/vc_column_text][\/vc_column][vc_column width=\u00a0\u00bb1\/3&Prime;][vc_column_text]<strong>Solution<\/strong>:<\/p>\n<ul>\n<li>De concert avec les experts internes de l\u2019entreprise, Present a \u00e9labor\u00e9 la strat\u00e9gie de migration vers Office 365 et a migr\u00e9 185 usagers en moins d&rsquo;un mois, avec une approche pas-\u00e0-pas avec chaque utilisateur.<\/li>\n<\/ul>\n<p>[\/vc_column_text][\/vc_column][vc_column width=\u00a0\u00bb1\/3&Prime;][vc_column_text]<strong>B\u00e9n\u00e9fices<\/strong>:<\/p>\n<ul>\n<li>Un service de messagerie \u00e9lectronique hautement disponible et jamais affect\u00e9 par les ressources internes.<\/li>\n<li>Un temps de traitement beaucoup plus rapide qu\u2019avec leurs anciens serveurs.<\/li>\n<li>Une infrastructure agile qui peut croitre facilement avec l\u2019entreprise.<\/li>\n<li>Un renforcement de leur expertise interne, gr\u00e2ce au partage et transfert de connaissances avec Present.<\/li>\n<\/ul>\n<p>[\/vc_column_text][\/vc_column][\/vc_row][vc_row full_width=\u00a0\u00bbstretch_row_content\u00a0\u00bb bg_type=\u00a0\u00bbbg_color\u00a0\u00bb el_class=\u00a0\u00bbtilt-pos-3-deg\u00a0\u00bb css=\u00a0\u00bb.vc_custom_1588250693452{padding-top: 25px !important;padding-bottom: 25px !important;}\u00a0\u00bb bg_color_value=\u00a0\u00bb#16a361&Prime;][vc_column]<div id=\"ultimate-heading-666569f4fb0859917\" class=\"uvc-heading ult-adjust-bottom-margin ultimate-heading-666569f4fb0859917 uvc-130 \" data-hspacer=\"no_spacer\"  data-halign=\"center\" style=\"text-align:center\"><div class=\"uvc-heading-spacer no_spacer\" style=\"top\"><\/div><div class=\"uvc-main-heading ult-responsive\"  data-ultimate-target='.uvc-heading.ultimate-heading-666569f4fb0859917 h3'  data-responsive-json-new='{\"font-size\":\"\",\"line-height\":\"\"}' ><h3 style=\"font-weight:normal;margin-top:10px;margin-bottom:25px;\">Contactez-nous pour en apprendre d'avantage sur cet \u00e9tude de cas.<\/h3><\/div><\/div><div class=\" ubtn-ctn-center \"><a class=\"ubtn-link ult-adjust-bottom-margin ubtn-center ubtn-normal \" href=\"\/fr\/contactez-present\/\" title=\"Contactez Present\" ><button type=\"button\" id=\"ubtn-9945\"  class=\"ubtn ult-adjust-bottom-margin ult-responsive ubtn-normal ubtn-no-hover-bg  none  ubtn-center   tooltip-69f4fb085995f\"  data-hover=\"#ffffff\" data-border-color=\"#ffffff\" data-bg=\"#ffffff\" data-hover-bg=\"#000000\" data-border-hover=\"#ffffff\" data-shadow-hover=\"\" data-shadow-click=\"none\" data-shadow=\"\" data-shd-shadow=\"\"  data-ultimate-target='#ubtn-9945'  data-responsive-json-new='{\"font-size\":\"desktop:18px;\",\"line-height\":\"desktop:24px;\"}'  style=\"font-weight:bold;border-radius:5px;border-width:3px;border-color:#ffffff;border-style:solid;background: #ffffff;color: #16a361;\"><span class=\"ubtn-hover\" style=\"background-color:#000000\"><\/span><span class=\"ubtn-data ubtn-text \" >Parlons-en<\/span><\/button><\/a><\/div>[\/vc_column][\/vc_row]<\/p>\n","protected":false},"excerpt":{"rendered":"<p>[vc_row][vc_column][\/vc_column][\/vc_row][vc_row][vc_column width=\u00a0\u00bb1\/3&Prime;][vc_column_text]D\u00e9fis: La multinationale a r\u00e9cemment acquis une autre entreprise qui effectuait \u00e9galement des op\u00e9rations \u00e0 l\u2019\u00e9chelle mondiale, et leurs serveurs Exchange sur place \u00e9taient surcharg\u00e9s et sont devenus lents et instables. Comme l\u2019entreprise acquise a du personnel situ\u00e9 dans une dizaine d\u2019endroits diff\u00e9rents \u00e0 travers le monde, il existait un d\u00e9fi de logistique important. [&#8230;]<\/p>\n","protected":false},"author":3,"featured_media":16985,"parent":10724,"menu_order":0,"comment_status":"closed","ping_status":"closed","template":"","meta":{"_acf_changed":false,"footnotes":"","_wp_rev_ctl_limit":""},"class_list":["post-7214","page","type-page","status-publish","has-post-thumbnail","hentry"],"acf":[],"yoast_head":"<!-- This site is optimized with the Yoast SEO plugin v27.3 - https:\/\/yoast.com\/product\/yoast-seo-wordpress\/ -->\n<title>\u00c9tude de cas: Migration \u00e0 Office 365 - Present<\/title>\n<meta name=\"description\" content=\"De concert avec les experts internes de l\u2019entreprise, Present a \u00e9labor\u00e9 la strat\u00e9gie de migration vers Office 365 et a migr\u00e9 185 usagers en moins d\u2019un mois, avec une approche pas-\u00e0-pas avec chaque utilisateur.\" \/>\n<meta name=\"robots\" content=\"index, follow, max-snippet:-1, max-image-preview:large, max-video-preview:-1\" \/>\n<link rel=\"canonical\" href=\"https:\/\/www.present.ca\/fr\/ressources\/etude-de-cas\/etude-de-cas-migration-a-office-365\/\" \/>\n<meta property=\"og:locale\" content=\"fr_FR\" \/>\n<meta property=\"og:type\" content=\"article\" \/>\n<meta property=\"og:title\" content=\"\u00c9tude de cas: Migration \u00e0 Office 365 - Present\" \/>\n<meta property=\"og:description\" content=\"De concert avec les experts internes de l\u2019entreprise, Present a \u00e9labor\u00e9 la strat\u00e9gie de migration vers Office 365 et a migr\u00e9 185 usagers en moins d\u2019un mois, avec une approche pas-\u00e0-pas avec chaque utilisateur.\" \/>\n<meta property=\"og:url\" content=\"https:\/\/www.present.ca\/fr\/ressources\/etude-de-cas\/etude-de-cas-migration-a-office-365\/\" \/>\n<meta property=\"og:site_name\" content=\"Present\" \/>\n<meta property=\"article:modified_time\" content=\"2024-01-03T20:45:02+00:00\" \/>\n<meta property=\"og:image\" content=\"https:\/\/www.present.ca\/wp-content\/uploads\/2020\/04\/migration-to-office-365-bnw.jpg\" \/>\n\t<meta property=\"og:image:width\" content=\"561\" \/>\n\t<meta property=\"og:image:height\" content=\"370\" \/>\n\t<meta property=\"og:image:type\" content=\"image\/jpeg\" \/>\n<meta name=\"twitter:card\" content=\"summary_large_image\" \/>\n<meta name=\"twitter:label1\" content=\"Dur\u00e9e de lecture estim\u00e9e\" \/>\n\t<meta name=\"twitter:data1\" content=\"2 minutes\" \/>\n<script type=\"application\/ld+json\" class=\"yoast-schema-graph\">{\"@context\":\"https:\\\/\\\/schema.org\",\"@graph\":[{\"@type\":\"WebPage\",\"@id\":\"https:\\\/\\\/www.present.ca\\\/fr\\\/ressources\\\/etude-de-cas\\\/etude-de-cas-migration-a-office-365\\\/\",\"url\":\"https:\\\/\\\/www.present.ca\\\/fr\\\/ressources\\\/etude-de-cas\\\/etude-de-cas-migration-a-office-365\\\/\",\"name\":\"\u00c9tude de cas: Migration \u00e0 Office 365 - Present\",\"isPartOf\":{\"@id\":\"https:\\\/\\\/www.present.ca\\\/fr\\\/#website\"},\"primaryImageOfPage\":{\"@id\":\"https:\\\/\\\/www.present.ca\\\/fr\\\/ressources\\\/etude-de-cas\\\/etude-de-cas-migration-a-office-365\\\/#primaryimage\"},\"image\":{\"@id\":\"https:\\\/\\\/www.present.ca\\\/fr\\\/ressources\\\/etude-de-cas\\\/etude-de-cas-migration-a-office-365\\\/#primaryimage\"},\"thumbnailUrl\":\"https:\\\/\\\/www.present.ca\\\/wp-content\\\/uploads\\\/2020\\\/04\\\/migration-to-office-365-bnw.jpg\",\"datePublished\":\"2018-08-09T18:38:02+00:00\",\"dateModified\":\"2024-01-03T20:45:02+00:00\",\"description\":\"De concert avec les experts internes de l\u2019entreprise, Present a \u00e9labor\u00e9 la strat\u00e9gie de migration vers Office 365 et a migr\u00e9 185 usagers en moins d\u2019un mois, avec une approche pas-\u00e0-pas avec chaque utilisateur.\",\"breadcrumb\":{\"@id\":\"https:\\\/\\\/www.present.ca\\\/fr\\\/ressources\\\/etude-de-cas\\\/etude-de-cas-migration-a-office-365\\\/#breadcrumb\"},\"inLanguage\":\"fr-FR\",\"potentialAction\":[{\"@type\":\"ReadAction\",\"target\":[\"https:\\\/\\\/www.present.ca\\\/fr\\\/ressources\\\/etude-de-cas\\\/etude-de-cas-migration-a-office-365\\\/\"]}]},{\"@type\":\"ImageObject\",\"inLanguage\":\"fr-FR\",\"@id\":\"https:\\\/\\\/www.present.ca\\\/fr\\\/ressources\\\/etude-de-cas\\\/etude-de-cas-migration-a-office-365\\\/#primaryimage\",\"url\":\"https:\\\/\\\/www.present.ca\\\/wp-content\\\/uploads\\\/2020\\\/04\\\/migration-to-office-365-bnw.jpg\",\"contentUrl\":\"https:\\\/\\\/www.present.ca\\\/wp-content\\\/uploads\\\/2020\\\/04\\\/migration-to-office-365-bnw.jpg\",\"width\":561,\"height\":370},{\"@type\":\"BreadcrumbList\",\"@id\":\"https:\\\/\\\/www.present.ca\\\/fr\\\/ressources\\\/etude-de-cas\\\/etude-de-cas-migration-a-office-365\\\/#breadcrumb\",\"itemListElement\":[{\"@type\":\"ListItem\",\"position\":1,\"name\":\"Accueil\",\"item\":\"https:\\\/\\\/www.present.ca\\\/fr\\\/\"},{\"@type\":\"ListItem\",\"position\":2,\"name\":\"Ressources\",\"item\":\"https:\\\/\\\/www.present.ca\\\/fr\\\/ressources\\\/\"},{\"@type\":\"ListItem\",\"position\":3,\"name\":\"\u00c9tudes de Cas\",\"item\":\"https:\\\/\\\/www.present.ca\\\/fr\\\/ressources\\\/etude-de-cas\\\/\"},{\"@type\":\"ListItem\",\"position\":4,\"name\":\"\u00c9tude de cas: Migration \u00e0 Office 365\"}]},{\"@type\":\"WebSite\",\"@id\":\"https:\\\/\\\/www.present.ca\\\/fr\\\/#website\",\"url\":\"https:\\\/\\\/www.present.ca\\\/fr\\\/\",\"name\":\"Present\",\"description\":\"Services G\u00e9r\u00e9s TI, S\u00e9curit\u00e9 G\u00e9r\u00e9e TI et Solutions de Cloud Hybride\",\"potentialAction\":[{\"@type\":\"SearchAction\",\"target\":{\"@type\":\"EntryPoint\",\"urlTemplate\":\"https:\\\/\\\/www.present.ca\\\/fr\\\/?s={search_term_string}\"},\"query-input\":{\"@type\":\"PropertyValueSpecification\",\"valueRequired\":true,\"valueName\":\"search_term_string\"}}],\"inLanguage\":\"fr-FR\"}]}<\/script>\n<!-- \/ Yoast SEO plugin. -->","yoast_head_json":{"title":"\u00c9tude de cas: Migration \u00e0 Office 365 - Present","description":"De concert avec les experts internes de l\u2019entreprise, Present a \u00e9labor\u00e9 la strat\u00e9gie de migration vers Office 365 et a migr\u00e9 185 usagers en moins d\u2019un mois, avec une approche pas-\u00e0-pas avec chaque utilisateur.","robots":{"index":"index","follow":"follow","max-snippet":"max-snippet:-1","max-image-preview":"max-image-preview:large","max-video-preview":"max-video-preview:-1"},"canonical":"https:\/\/www.present.ca\/fr\/ressources\/etude-de-cas\/etude-de-cas-migration-a-office-365\/","og_locale":"fr_FR","og_type":"article","og_title":"\u00c9tude de cas: Migration \u00e0 Office 365 - Present","og_description":"De concert avec les experts internes de l\u2019entreprise, Present a \u00e9labor\u00e9 la strat\u00e9gie de migration vers Office 365 et a migr\u00e9 185 usagers en moins d\u2019un mois, avec une approche pas-\u00e0-pas avec chaque utilisateur.","og_url":"https:\/\/www.present.ca\/fr\/ressources\/etude-de-cas\/etude-de-cas-migration-a-office-365\/","og_site_name":"Present","article_modified_time":"2024-01-03T20:45:02+00:00","og_image":[{"width":561,"height":370,"url":"https:\/\/www.present.ca\/wp-content\/uploads\/2020\/04\/migration-to-office-365-bnw.jpg","type":"image\/jpeg"}],"twitter_card":"summary_large_image","twitter_misc":{"Dur\u00e9e de lecture estim\u00e9e":"2 minutes"},"schema":{"@context":"https:\/\/schema.org","@graph":[{"@type":"WebPage","@id":"https:\/\/www.present.ca\/fr\/ressources\/etude-de-cas\/etude-de-cas-migration-a-office-365\/","url":"https:\/\/www.present.ca\/fr\/ressources\/etude-de-cas\/etude-de-cas-migration-a-office-365\/","name":"\u00c9tude de cas: Migration \u00e0 Office 365 - Present","isPartOf":{"@id":"https:\/\/www.present.ca\/fr\/#website"},"primaryImageOfPage":{"@id":"https:\/\/www.present.ca\/fr\/ressources\/etude-de-cas\/etude-de-cas-migration-a-office-365\/#primaryimage"},"image":{"@id":"https:\/\/www.present.ca\/fr\/ressources\/etude-de-cas\/etude-de-cas-migration-a-office-365\/#primaryimage"},"thumbnailUrl":"https:\/\/www.present.ca\/wp-content\/uploads\/2020\/04\/migration-to-office-365-bnw.jpg","datePublished":"2018-08-09T18:38:02+00:00","dateModified":"2024-01-03T20:45:02+00:00","description":"De concert avec les experts internes de l\u2019entreprise, Present a \u00e9labor\u00e9 la strat\u00e9gie de migration vers Office 365 et a migr\u00e9 185 usagers en moins d\u2019un mois, avec une approche pas-\u00e0-pas avec chaque utilisateur.","breadcrumb":{"@id":"https:\/\/www.present.ca\/fr\/ressources\/etude-de-cas\/etude-de-cas-migration-a-office-365\/#breadcrumb"},"inLanguage":"fr-FR","potentialAction":[{"@type":"ReadAction","target":["https:\/\/www.present.ca\/fr\/ressources\/etude-de-cas\/etude-de-cas-migration-a-office-365\/"]}]},{"@type":"ImageObject","inLanguage":"fr-FR","@id":"https:\/\/www.present.ca\/fr\/ressources\/etude-de-cas\/etude-de-cas-migration-a-office-365\/#primaryimage","url":"https:\/\/www.present.ca\/wp-content\/uploads\/2020\/04\/migration-to-office-365-bnw.jpg","contentUrl":"https:\/\/www.present.ca\/wp-content\/uploads\/2020\/04\/migration-to-office-365-bnw.jpg","width":561,"height":370},{"@type":"BreadcrumbList","@id":"https:\/\/www.present.ca\/fr\/ressources\/etude-de-cas\/etude-de-cas-migration-a-office-365\/#breadcrumb","itemListElement":[{"@type":"ListItem","position":1,"name":"Accueil","item":"https:\/\/www.present.ca\/fr\/"},{"@type":"ListItem","position":2,"name":"Ressources","item":"https:\/\/www.present.ca\/fr\/ressources\/"},{"@type":"ListItem","position":3,"name":"\u00c9tudes de Cas","item":"https:\/\/www.present.ca\/fr\/ressources\/etude-de-cas\/"},{"@type":"ListItem","position":4,"name":"\u00c9tude de cas: Migration \u00e0 Office 365"}]},{"@type":"WebSite","@id":"https:\/\/www.present.ca\/fr\/#website","url":"https:\/\/www.present.ca\/fr\/","name":"Present","description":"Services G\u00e9r\u00e9s TI, S\u00e9curit\u00e9 G\u00e9r\u00e9e TI et Solutions de Cloud Hybride","potentialAction":[{"@type":"SearchAction","target":{"@type":"EntryPoint","urlTemplate":"https:\/\/www.present.ca\/fr\/?s={search_term_string}"},"query-input":{"@type":"PropertyValueSpecification","valueRequired":true,"valueName":"search_term_string"}}],"inLanguage":"fr-FR"}]}},"_links":{"self":[{"href":"https:\/\/www.present.ca\/fr\/wp-json\/wp\/v2\/pages\/7214","targetHints":{"allow":["GET"]}}],"collection":[{"href":"https:\/\/www.present.ca\/fr\/wp-json\/wp\/v2\/pages"}],"about":[{"href":"https:\/\/www.present.ca\/fr\/wp-json\/wp\/v2\/types\/page"}],"author":[{"embeddable":true,"href":"https:\/\/www.present.ca\/fr\/wp-json\/wp\/v2\/users\/3"}],"replies":[{"embeddable":true,"href":"https:\/\/www.present.ca\/fr\/wp-json\/wp\/v2\/comments?post=7214"}],"version-history":[{"count":3,"href":"https:\/\/www.present.ca\/fr\/wp-json\/wp\/v2\/pages\/7214\/revisions"}],"predecessor-version":[{"id":27848,"href":"https:\/\/www.present.ca\/fr\/wp-json\/wp\/v2\/pages\/7214\/revisions\/27848"}],"up":[{"embeddable":true,"href":"https:\/\/www.present.ca\/fr\/wp-json\/wp\/v2\/pages\/10724"}],"wp:featuredmedia":[{"embeddable":true,"href":"https:\/\/www.present.ca\/fr\/wp-json\/wp\/v2\/media\/16985"}],"wp:attachment":[{"href":"https:\/\/www.present.ca\/fr\/wp-json\/wp\/v2\/media?parent=7214"}],"curies":[{"name":"wp","href":"https:\/\/api.w.org\/{rel}","templated":true}]}}